{"id":35,"date":"2026-03-05T18:32:54","date_gmt":"2026-03-05T18:32:54","guid":{"rendered":"http:\/\/ulfers.top\/hjemmeside\/?page_id=35"},"modified":"2026-03-23T04:47:22","modified_gmt":"2026-03-23T03:47:22","slug":"blogg","status":"publish","type":"page","link":"https:\/\/ulfers.top\/hjemmeside\/blogg\/","title":{"rendered":"Blogg"},"content":{"rendered":"\n<div class=\"wp-block-query is-layout-flow wp-block-query-is-layout-flow\"><ul class=\"wp-block-post-template is-layout-flow wp-block-post-template-is-layout-flow\"><li class=\"wp-block-post post-348 post type-post status-publish format-standard has-post-thumbnail hentry category-hverdagsfilosofi tag-familie tag-kultur tag-psykologi\">\n<h2 style=\"padding-top:0;padding-bottom:0;margin-bottom:var(--wp--preset--spacing--50);\" class=\"wp-block-post-title\">Hva er &#8216;faderl\u00f8s adferd&#8217;?<\/h2>\n\n<figure class=\"wp-block-post-featured-image\"><img loading=\"lazy\" decoding=\"async\" width=\"1165\" height=\"1016\" src=\"https:\/\/ulfers.top\/hjemmeside\/wp-content\/uploads\/2026\/04\/Max_Weber_1918-e1777132036868.jpg\" class=\"attachment-post-thumbnail size-post-thumbnail wp-post-image\" alt=\"\" style=\"object-fit:cover;\" srcset=\"https:\/\/ulfers.top\/hjemmeside\/wp-content\/uploads\/2026\/04\/Max_Weber_1918-e1777132036868.jpg 1165w, https:\/\/ulfers.top\/hjemmeside\/wp-content\/uploads\/2026\/04\/Max_Weber_1918-e1777132036868-300x262.jpg 300w, https:\/\/ulfers.top\/hjemmeside\/wp-content\/uploads\/2026\/04\/Max_Weber_1918-e1777132036868-1024x893.jpg 1024w, https:\/\/ulfers.top\/hjemmeside\/wp-content\/uploads\/2026\/04\/Max_Weber_1918-e1777132036868-768x670.jpg 768w\" sizes=\"auto, (max-width: 1165px) 100vw, 1165px\" \/><\/figure>\n\n<div style=\"padding-bottom:0;padding-top:0;margin-top:var(--wp--preset--spacing--50);margin-bottom:0;margin-left:0;margin-right:0;\" class=\"wp-block-post-date\"><time datetime=\"2026-04-26T19:00:00+02:00\">26. april 2026<\/time><\/div>\n\n<div class=\"wp-block-post-excerpt\"><p class=\"wp-block-post-excerpt__excerpt\">For de som f\u00f8lger litt med p\u00e5 online samfunnsdebatt, er jo mye akkurat der preget av Amerika. Da har man visse begreper &#8212; og fors\u00e5vidt &#8216;memes&#8217; &#8212; som er blitt kjent fra den kanten som kritiserer &#8216;mainstream media&#8217; og den etablerte maktstrukturen. Mange podcastere, bloggere og s\u00e5 videre mener at kulturen og samfunnsstrukturen har kollapset<\/p><p class=\"wp-block-post-excerpt__more-text\"><a class=\"wp-block-post-excerpt__more-link\" href=\"https:\/\/ulfers.top\/hjemmeside\/2026\/04\/26\/hva-er-faderlos-adferd\/\">Lese mer<\/a><\/p><\/div>\n\n\n<hr class=\"wp-block-separator has-alpha-channel-opacity is-style-wide\" style=\"margin-top:var(--wp--preset--spacing--80);margin-bottom:var(--wp--preset--spacing--80)\"\/>\n\n<\/li><li class=\"wp-block-post post-285 post type-post status-publish format-standard has-post-thumbnail hentry category-hverdagsfilosofi tag-kultur tag-psykologi tag-samfunn\">\n<h2 style=\"padding-top:0;padding-bottom:0;margin-bottom:var(--wp--preset--spacing--50);\" class=\"wp-block-post-title\">Poenget med \u00e5 lage noe<\/h2>\n\n<figure class=\"wp-block-post-featured-image\"><img loading=\"lazy\" decoding=\"async\" width=\"1920\" height=\"1080\" src=\"https:\/\/ulfers.top\/hjemmeside\/wp-content\/uploads\/2026\/04\/marvelmozhko-mother-2935723_1920.jpg\" class=\"attachment-post-thumbnail size-post-thumbnail wp-post-image\" alt=\"\" style=\"object-fit:cover;\" srcset=\"https:\/\/ulfers.top\/hjemmeside\/wp-content\/uploads\/2026\/04\/marvelmozhko-mother-2935723_1920.jpg 1920w, https:\/\/ulfers.top\/hjemmeside\/wp-content\/uploads\/2026\/04\/marvelmozhko-mother-2935723_1920-300x169.jpg 300w, https:\/\/ulfers.top\/hjemmeside\/wp-content\/uploads\/2026\/04\/marvelmozhko-mother-2935723_1920-1024x576.jpg 1024w, https:\/\/ulfers.top\/hjemmeside\/wp-content\/uploads\/2026\/04\/marvelmozhko-mother-2935723_1920-768x432.jpg 768w, https:\/\/ulfers.top\/hjemmeside\/wp-content\/uploads\/2026\/04\/marvelmozhko-mother-2935723_1920-1536x864.jpg 1536w\" sizes=\"auto, (max-width: 1920px) 100vw, 1920px\" \/><\/figure>\n\n<div style=\"padding-bottom:0;padding-top:0;margin-top:var(--wp--preset--spacing--50);margin-bottom:0;margin-left:0;margin-right:0;\" class=\"wp-block-post-date\"><time datetime=\"2026-04-19T19:00:00+02:00\">19. april 2026<\/time><\/div>\n\n<div class=\"wp-block-post-excerpt\"><p class=\"wp-block-post-excerpt__excerpt\">Uttrykkets opprinnelse er forel\u00f8pig strengt tatt ikke blitt sjekket her, men mange har h\u00f8rt om &#8216;\u00e5 ta skj\u00e9en i egen h\u00e5nd&#8217;. Det handler antagelig om det som p\u00e5 engelsk kalles &#8216;agency&#8217;: Sitter man passiv i barnestolen, og er som et objekt? Mamma leker fly med skj\u00e9en, og barnegr\u00f8ten fylles liksom bare p\u00e5? Eller er man<\/p><p class=\"wp-block-post-excerpt__more-text\"><a class=\"wp-block-post-excerpt__more-link\" href=\"https:\/\/ulfers.top\/hjemmeside\/2026\/04\/19\/hva-er-poenget-med-a-lage-noe\/\">Lese mer<\/a><\/p><\/div>\n\n\n<hr class=\"wp-block-separator has-alpha-channel-opacity is-style-wide\" style=\"margin-top:var(--wp--preset--spacing--80);margin-bottom:var(--wp--preset--spacing--80)\"\/>\n\n<\/li><li class=\"wp-block-post post-263 post type-post status-publish format-standard has-post-thumbnail hentry category-hverdagsfilosofi tag-mat tag-nasjonalisme tag-restaurant tag-service tag-tradisjon\">\n<h2 style=\"padding-top:0;padding-bottom:0;margin-bottom:var(--wp--preset--spacing--50);\" class=\"wp-block-post-title\">Min f\u00f8rmoderne servitrise<\/h2>\n\n<figure class=\"wp-block-post-featured-image\"><img loading=\"lazy\" decoding=\"async\" width=\"1280\" height=\"853\" src=\"https:\/\/ulfers.top\/hjemmeside\/wp-content\/uploads\/2026\/04\/jonathanvalencia5-spring-rolls-2097978_1280.jpg\" class=\"attachment-post-thumbnail size-post-thumbnail wp-post-image\" alt=\"\" style=\"object-fit:cover;\" srcset=\"https:\/\/ulfers.top\/hjemmeside\/wp-content\/uploads\/2026\/04\/jonathanvalencia5-spring-rolls-2097978_1280.jpg 1280w, https:\/\/ulfers.top\/hjemmeside\/wp-content\/uploads\/2026\/04\/jonathanvalencia5-spring-rolls-2097978_1280-300x200.jpg 300w, https:\/\/ulfers.top\/hjemmeside\/wp-content\/uploads\/2026\/04\/jonathanvalencia5-spring-rolls-2097978_1280-1024x682.jpg 1024w, https:\/\/ulfers.top\/hjemmeside\/wp-content\/uploads\/2026\/04\/jonathanvalencia5-spring-rolls-2097978_1280-768x512.jpg 768w\" sizes=\"auto, (max-width: 1280px) 100vw, 1280px\" \/><\/figure>\n\n<div style=\"padding-bottom:0;padding-top:0;margin-top:var(--wp--preset--spacing--50);margin-bottom:0;margin-left:0;margin-right:0;\" class=\"wp-block-post-date\"><time datetime=\"2026-04-12T19:00:00+02:00\">12. april 2026<\/time><\/div>\n\n<div class=\"wp-block-post-excerpt\"><p class=\"wp-block-post-excerpt__excerpt\">Det kan v\u00e6re trivelig \u00e5 g\u00e5 til et profesjonelt spisested. For min del er der noe s\u00e6regent ved nasjonalistiske s\u00e5nne steder, som en thailandsk bistro eller kinakafe. Jeg fikk lov til \u00e5 markere litt at det er s\u00e5nn ferieperiode og overgang fra vinteren, akkurat n\u00e5, med et enkelt bes\u00f8k p\u00e5 et s\u00e5nt etablissement. Damen kom<\/p><p class=\"wp-block-post-excerpt__more-text\"><a class=\"wp-block-post-excerpt__more-link\" href=\"https:\/\/ulfers.top\/hjemmeside\/2026\/04\/12\/min-formoderne-servitrise\/\">Lese mer<\/a><\/p><\/div>\n\n\n<hr class=\"wp-block-separator has-alpha-channel-opacity is-style-wide\" style=\"margin-top:var(--wp--preset--spacing--80);margin-bottom:var(--wp--preset--spacing--80)\"\/>\n\n<\/li><li class=\"wp-block-post post-223 post type-post status-publish format-standard has-post-thumbnail hentry category-hverdagsfilosofi tag-juss tag-konspirasjon\">\n<h2 style=\"padding-top:0;padding-bottom:0;margin-bottom:var(--wp--preset--spacing--50);\" class=\"wp-block-post-title\">Hvorfor snakker de s\u00e5nn?<\/h2>\n\n<figure class=\"wp-block-post-featured-image\"><img loading=\"lazy\" decoding=\"async\" width=\"1280\" height=\"822\" src=\"https:\/\/ulfers.top\/hjemmeside\/wp-content\/uploads\/2026\/04\/clickerhappy-seats-2954367_1280.jpg\" class=\"attachment-post-thumbnail size-post-thumbnail wp-post-image\" alt=\"\" style=\"object-fit:cover;\" srcset=\"https:\/\/ulfers.top\/hjemmeside\/wp-content\/uploads\/2026\/04\/clickerhappy-seats-2954367_1280.jpg 1280w, https:\/\/ulfers.top\/hjemmeside\/wp-content\/uploads\/2026\/04\/clickerhappy-seats-2954367_1280-300x193.jpg 300w, https:\/\/ulfers.top\/hjemmeside\/wp-content\/uploads\/2026\/04\/clickerhappy-seats-2954367_1280-1024x658.jpg 1024w, https:\/\/ulfers.top\/hjemmeside\/wp-content\/uploads\/2026\/04\/clickerhappy-seats-2954367_1280-768x493.jpg 768w\" sizes=\"auto, (max-width: 1280px) 100vw, 1280px\" \/><\/figure>\n\n<div style=\"padding-bottom:0;padding-top:0;margin-top:var(--wp--preset--spacing--50);margin-bottom:0;margin-left:0;margin-right:0;\" class=\"wp-block-post-date\"><time datetime=\"2026-04-05T19:00:00+02:00\">5. april 2026<\/time><\/div>\n\n<div class=\"wp-block-post-excerpt\"><p class=\"wp-block-post-excerpt__excerpt\">N\u00e5 nettop har jeg sett noen videoer fra New Democratic Party i Canada sin nylige convention, alts\u00e5 konferanse. Det er ganske bisart, hvordan de snakker, som ogs\u00e5 er hele grunnen til at videoene har blitt formidlet av noen amerikanske podcastere jeg f\u00f8lger. Tidligere har akkurat det samme v\u00e6rt oppe fra Democratic Socialists of America i<\/p><p class=\"wp-block-post-excerpt__more-text\"><a class=\"wp-block-post-excerpt__more-link\" href=\"https:\/\/ulfers.top\/hjemmeside\/2026\/04\/05\/hvorfor-snakker-de-sann\/\">Lese mer<\/a><\/p><\/div>\n\n\n<hr class=\"wp-block-separator has-alpha-channel-opacity is-style-wide\" style=\"margin-top:var(--wp--preset--spacing--80);margin-bottom:var(--wp--preset--spacing--80)\"\/>\n\n<\/li><li class=\"wp-block-post post-201 post type-post status-publish format-standard has-post-thumbnail hentry category-hverdagsfilosofi tag-biologi tag-juss tag-kjonn tag-konspirasjon tag-kultur tag-okonomi tag-psykologi\">\n<h2 style=\"padding-top:0;padding-bottom:0;margin-bottom:var(--wp--preset--spacing--50);\" class=\"wp-block-post-title\">P\u00e5sken\u00f8tt<\/h2>\n\n<figure class=\"wp-block-post-featured-image\"><img loading=\"lazy\" decoding=\"async\" width=\"1920\" height=\"1080\" src=\"https:\/\/ulfers.top\/hjemmeside\/wp-content\/uploads\/2026\/03\/gedankenschatz-mountain-863713_1920.jpg\" class=\"attachment-post-thumbnail size-post-thumbnail wp-post-image\" alt=\"\" style=\"object-fit:cover;\" srcset=\"https:\/\/ulfers.top\/hjemmeside\/wp-content\/uploads\/2026\/03\/gedankenschatz-mountain-863713_1920.jpg 1920w, https:\/\/ulfers.top\/hjemmeside\/wp-content\/uploads\/2026\/03\/gedankenschatz-mountain-863713_1920-300x169.jpg 300w, https:\/\/ulfers.top\/hjemmeside\/wp-content\/uploads\/2026\/03\/gedankenschatz-mountain-863713_1920-1024x576.jpg 1024w, https:\/\/ulfers.top\/hjemmeside\/wp-content\/uploads\/2026\/03\/gedankenschatz-mountain-863713_1920-768x432.jpg 768w, https:\/\/ulfers.top\/hjemmeside\/wp-content\/uploads\/2026\/03\/gedankenschatz-mountain-863713_1920-1536x864.jpg 1536w\" sizes=\"auto, (max-width: 1920px) 100vw, 1920px\" \/><\/figure>\n\n<div style=\"padding-bottom:0;padding-top:0;margin-top:var(--wp--preset--spacing--50);margin-bottom:0;margin-left:0;margin-right:0;\" class=\"wp-block-post-date\"><time datetime=\"2026-03-29T19:00:00+02:00\">29. mars 2026<\/time><\/div>\n\n<div class=\"wp-block-post-excerpt\"><p class=\"wp-block-post-excerpt__excerpt\">Er du klar for fortsettelsen p\u00e5 f\u00f8ljetongen om kortslutningen som kan ligge innebygget i aksekorset feminin\/maskulin og lov\/legal? Og ettersom vi n\u00e6rmer oss f\u00f8rste s\u00f8ndag etter f\u00f8rste fullm\u00e5ne etter v\u00e5rjevnd\u00f8gn* og mange har ekstra fritid akkurat n\u00e5, kan lesestoff med sosialt relevant stoff \u00e5 bryne seg p\u00e5 v\u00e6re aldeles perfekt. La oss begynne med en<\/p><p class=\"wp-block-post-excerpt__more-text\"><a class=\"wp-block-post-excerpt__more-link\" href=\"https:\/\/ulfers.top\/hjemmeside\/2026\/03\/29\/paskenott\/\">Lese mer<\/a><\/p><\/div>\n\n\n<hr class=\"wp-block-separator has-alpha-channel-opacity is-style-wide\" style=\"margin-top:var(--wp--preset--spacing--80);margin-bottom:var(--wp--preset--spacing--80)\"\/>\n\n<\/li><li class=\"wp-block-post post-110 post type-post status-publish format-standard has-post-thumbnail hentry category-hverdagsfilosofi tag-biologi tag-konspirasjon tag-kultur tag-okonomi tag-psykologi tag-teknologi\">\n<h2 style=\"padding-top:0;padding-bottom:0;margin-bottom:var(--wp--preset--spacing--50);\" class=\"wp-block-post-title\">Fr\u00c5TSEL<\/h2>\n\n<figure class=\"wp-block-post-featured-image\"><img loading=\"lazy\" decoding=\"async\" width=\"1183\" height=\"701\" src=\"https:\/\/ulfers.top\/hjemmeside\/wp-content\/uploads\/2026\/03\/Frans_Snyders_-_Fruit_and_vegetable_stall.jpg\" class=\"attachment-post-thumbnail size-post-thumbnail wp-post-image\" alt=\"\" style=\"object-fit:cover;\" srcset=\"https:\/\/ulfers.top\/hjemmeside\/wp-content\/uploads\/2026\/03\/Frans_Snyders_-_Fruit_and_vegetable_stall.jpg 1183w, https:\/\/ulfers.top\/hjemmeside\/wp-content\/uploads\/2026\/03\/Frans_Snyders_-_Fruit_and_vegetable_stall-300x178.jpg 300w, https:\/\/ulfers.top\/hjemmeside\/wp-content\/uploads\/2026\/03\/Frans_Snyders_-_Fruit_and_vegetable_stall-1024x607.jpg 1024w, https:\/\/ulfers.top\/hjemmeside\/wp-content\/uploads\/2026\/03\/Frans_Snyders_-_Fruit_and_vegetable_stall-768x455.jpg 768w\" sizes=\"auto, (max-width: 1183px) 100vw, 1183px\" \/><\/figure>\n\n<div style=\"padding-bottom:0;padding-top:0;margin-top:var(--wp--preset--spacing--50);margin-bottom:0;margin-left:0;margin-right:0;\" class=\"wp-block-post-date\"><time datetime=\"2026-03-22T19:00:00+01:00\">22. mars 2026<\/time><\/div>\n\n<div class=\"wp-block-post-excerpt\"><p class=\"wp-block-post-excerpt__excerpt\">Der fins et tysk reisebrev fra et sted i det s\u00f8rlige Sverige, skrevet for et par hundre \u00e5r siden. Forholdene blir ikke beskrevet som gode: Alle m\u00e5ltider bestod, enkelt sagt, av havre, og b\u00e5de kvinner og menn &#8216;s\u00e5 ut som skjeletter&#8217;. De levde trangbodd, og forfatteren beskrev at i huset var alt skittent og der<\/p><p class=\"wp-block-post-excerpt__more-text\"><a class=\"wp-block-post-excerpt__more-link\" href=\"https:\/\/ulfers.top\/hjemmeside\/2026\/03\/22\/fratsel\/\">Lese mer<\/a><\/p><\/div>\n\n\n<hr class=\"wp-block-separator has-alpha-channel-opacity is-style-wide\" style=\"margin-top:var(--wp--preset--spacing--80);margin-bottom:var(--wp--preset--spacing--80)\"\/>\n\n<\/li><li class=\"wp-block-post post-134 post type-post status-publish format-standard has-post-thumbnail hentry category-hverdagsfilosofi tag-juss tag-kjonn tag-klasse tag-psykologi\">\n<h2 style=\"padding-top:0;padding-bottom:0;margin-bottom:var(--wp--preset--spacing--50);\" class=\"wp-block-post-title\">Frihetsmilj\u00f8 og Sterke (og vakre!) kvinner \u2014 en gitt kombinasjon men paradoksalt<\/h2>\n\n<figure class=\"wp-block-post-featured-image\"><img loading=\"lazy\" decoding=\"async\" width=\"1280\" height=\"854\" src=\"https:\/\/ulfers.top\/hjemmeside\/wp-content\/uploads\/2026\/03\/engin_akyurt-coffee-2425303_1280-1.jpg\" class=\"attachment-post-thumbnail size-post-thumbnail wp-post-image\" alt=\"\" style=\"object-fit:cover;\" srcset=\"https:\/\/ulfers.top\/hjemmeside\/wp-content\/uploads\/2026\/03\/engin_akyurt-coffee-2425303_1280-1.jpg 1280w, https:\/\/ulfers.top\/hjemmeside\/wp-content\/uploads\/2026\/03\/engin_akyurt-coffee-2425303_1280-1-300x200.jpg 300w, https:\/\/ulfers.top\/hjemmeside\/wp-content\/uploads\/2026\/03\/engin_akyurt-coffee-2425303_1280-1-1024x683.jpg 1024w, https:\/\/ulfers.top\/hjemmeside\/wp-content\/uploads\/2026\/03\/engin_akyurt-coffee-2425303_1280-1-768x512.jpg 768w\" sizes=\"auto, (max-width: 1280px) 100vw, 1280px\" \/><\/figure>\n\n<div style=\"padding-bottom:0;padding-top:0;margin-top:var(--wp--preset--spacing--50);margin-bottom:0;margin-left:0;margin-right:0;\" class=\"wp-block-post-date\"><time datetime=\"2026-03-21T20:38:41+01:00\">21. mars 2026<\/time><\/div>\n\n<div class=\"wp-block-post-excerpt\"><p class=\"wp-block-post-excerpt__excerpt\">Samfunnsdebatten handler vel typisk om konflikter, urettferdighet, uenighet. Men n\u00e5 i 2026 kan skalaen oppleves som&nbsp;st\u00f8rre&nbsp;enn i det som ble formidlet via tradisjonelle media. Redaksjonene er jo idag utsatt for ihvertfall litt konkurranse fra milj\u00f8er som \u2014 uten offisielle titler \u2014 bruker Internett og bare g\u00e5r igang. For noen av de som har tid til<\/p><p class=\"wp-block-post-excerpt__more-text\"><a class=\"wp-block-post-excerpt__more-link\" href=\"https:\/\/ulfers.top\/hjemmeside\/2026\/03\/21\/frihetsmiljo-og-sterke-og-vakre-kvinner-en-gitt-kombinasjon-men-paradoksalt\/\">Lese mer<\/a><\/p><\/div>\n\n\n<hr class=\"wp-block-separator has-alpha-channel-opacity is-style-wide\" style=\"margin-top:var(--wp--preset--spacing--80);margin-bottom:var(--wp--preset--spacing--80)\"\/>\n\n<\/li><li class=\"wp-block-post post-101 post type-post status-publish format-standard has-post-thumbnail hentry category-hverdagsfilosofi tag-biologi\">\n<h2 style=\"padding-top:0;padding-bottom:0;margin-bottom:var(--wp--preset--spacing--50);\" class=\"wp-block-post-title\">Har du sett?!??<\/h2>\n\n<figure class=\"wp-block-post-featured-image\"><img loading=\"lazy\" decoding=\"async\" width=\"1536\" height=\"1024\" src=\"https:\/\/ulfers.top\/hjemmeside\/wp-content\/uploads\/2026\/03\/ChatGPT-Image-Nov-10-2025-12_07_51-PM.jpg\" class=\"attachment-post-thumbnail size-post-thumbnail wp-post-image\" alt=\"\" style=\"object-fit:cover;\" srcset=\"https:\/\/ulfers.top\/hjemmeside\/wp-content\/uploads\/2026\/03\/ChatGPT-Image-Nov-10-2025-12_07_51-PM.jpg 1536w, https:\/\/ulfers.top\/hjemmeside\/wp-content\/uploads\/2026\/03\/ChatGPT-Image-Nov-10-2025-12_07_51-PM-300x200.jpg 300w, https:\/\/ulfers.top\/hjemmeside\/wp-content\/uploads\/2026\/03\/ChatGPT-Image-Nov-10-2025-12_07_51-PM-1024x683.jpg 1024w, https:\/\/ulfers.top\/hjemmeside\/wp-content\/uploads\/2026\/03\/ChatGPT-Image-Nov-10-2025-12_07_51-PM-768x512.jpg 768w\" sizes=\"auto, (max-width: 1536px) 100vw, 1536px\" \/><\/figure>\n\n<div style=\"padding-bottom:0;padding-top:0;margin-top:var(--wp--preset--spacing--50);margin-bottom:0;margin-left:0;margin-right:0;\" class=\"wp-block-post-date\"><time datetime=\"2026-03-14T08:00:29+01:00\">14. mars 2026<\/time><\/div>\n\n<div class=\"wp-block-post-excerpt\"><p class=\"wp-block-post-excerpt__excerpt\">Noen av de som betaler med kroner n\u00e5r de skal ha dagligvarer, eller f\u00f8lger litt med p\u00e5 nyhetsmeldinger, eller tilbringer hverdagen p\u00e5 en arbeidsplass eller skole, \u00f8nsker seg et mer menneskelig samfunn. Hva ligger i den vendingen? Noen ganger g\u00e5r det an \u00e5 f\u00e5 inntrykk av at definisjonen som brukes n\u00e5r det gjelder menneskelighet, er<\/p><p class=\"wp-block-post-excerpt__more-text\"><a class=\"wp-block-post-excerpt__more-link\" href=\"https:\/\/ulfers.top\/hjemmeside\/2026\/03\/14\/har-du-sett\/\">Lese mer<\/a><\/p><\/div>\n\n\n<hr class=\"wp-block-separator has-alpha-channel-opacity is-style-wide\" style=\"margin-top:var(--wp--preset--spacing--80);margin-bottom:var(--wp--preset--spacing--80)\"\/>\n\n<\/li><li class=\"wp-block-post post-1 post type-post status-publish format-standard hentry category-uncategorized\">\n<h2 style=\"padding-top:0;padding-bottom:0;margin-bottom:var(--wp--preset--spacing--50);\" class=\"wp-block-post-title\">Hello world!<\/h2>\n\n\n\n<div style=\"padding-bottom:0;padding-top:0;margin-top:var(--wp--preset--spacing--50);margin-bottom:0;margin-left:0;margin-right:0;\" class=\"wp-block-post-date\"><time datetime=\"2026-03-05T02:02:52+01:00\">5. mars 2026<\/time><\/div>\n\n<div class=\"wp-block-post-excerpt\"><p class=\"wp-block-post-excerpt__excerpt\">Welcome to WordPress. This is your first post. Edit or delete it, then start writing!<\/p><p class=\"wp-block-post-excerpt__more-text\"><a class=\"wp-block-post-excerpt__more-link\" href=\"https:\/\/ulfers.top\/hjemmeside\/2026\/03\/05\/hello-world\/\">Lese mer<\/a><\/p><\/div>\n\n\n<hr class=\"wp-block-separator has-alpha-channel-opacity is-style-wide\" style=\"margin-top:var(--wp--preset--spacing--80);margin-bottom:var(--wp--preset--spacing--80)\"\/>\n\n<\/li><\/ul>\n\n\n\n<\/div>\n<div class=\"gsp_post_data\" \r\n\t            data-post_type=\"page\" \r\n\t            data-cat=\"\" \r\n\t            data-modified=\"120\"\r\n\t            data-created=\"1772735574\"\r\n\t            data-title=\"Blogg\" \r\n\t            data-home=\"https:\/\/ulfers.top\/hjemmeside\"><\/div>","protected":false},"excerpt":{"rendered":"","protected":false},"author":1,"featured_media":0,"parent":0,"menu_order":0,"comment_status":"closed","ping_status":"closed","template":"","meta":{"_s2mail":"yes","footnotes":""},"class_list":["post-35","page","type-page","status-publish","hentry"],"_links":{"self":[{"href":"https:\/\/ulfers.top\/hjemmeside\/wp-json\/wp\/v2\/pages\/35","targetHints":{"allow":["GET"]}}],"collection":[{"href":"https:\/\/ulfers.top\/hjemmeside\/wp-json\/wp\/v2\/pages"}],"about":[{"href":"https:\/\/ulfers.top\/hjemmeside\/wp-json\/wp\/v2\/types\/page"}],"author":[{"embeddable":true,"href":"https:\/\/ulfers.top\/hjemmeside\/wp-json\/wp\/v2\/users\/1"}],"replies":[{"embeddable":true,"href":"https:\/\/ulfers.top\/hjemmeside\/wp-json\/wp\/v2\/comments?post=35"}],"version-history":[{"count":13,"href":"https:\/\/ulfers.top\/hjemmeside\/wp-json\/wp\/v2\/pages\/35\/revisions"}],"predecessor-version":[{"id":199,"href":"https:\/\/ulfers.top\/hjemmeside\/wp-json\/wp\/v2\/pages\/35\/revisions\/199"}],"wp:attachment":[{"href":"https:\/\/ulfers.top\/hjemmeside\/wp-json\/wp\/v2\/media?parent=35"}],"curies":[{"name":"wp","href":"https:\/\/api.w.org\/{rel}","templated":true}]}}